{"id":2574,"date":"2022-04-26T07:13:31","date_gmt":"2022-04-26T05:13:31","guid":{"rendered":"https:\/\/greenwayvan.net\/politica-de-privacidade\/"},"modified":"2026-03-16T18:29:12","modified_gmt":"2026-03-16T17:29:12","slug":"politica-de-privacidade","status":"publish","type":"page","link":"https:\/\/greenwayvan.net\/pt-pt\/politica-de-privacidade\/","title":{"rendered":"Pol\u00edtica de privacidade"},"content":{"rendered":"\n<h2 class=\"wp-block-heading\">POL\u00cdTICA DE PRIVACIDADE<\/h2>\n\n\n\n<h3 class=\"wp-block-heading\">I. POL\u00cdTICA DE PRIVACIDADE E PROTEC\u00c7\u00c3O DE DADOS<\/h3>\n\n\n\n<p>Respeitando as disposi\u00e7\u00f5es da legisla\u00e7\u00e3o em vigor, a Green Way Van (a seguir tamb\u00e9m Website) compromete-se a adoptar as medidas t\u00e9cnicas e organizacionais necess\u00e1rias, de acordo com o n\u00edvel de seguran\u00e7a adequado ao risco dos dados recolhidos.<\/p>\n\n\n\n<h4 class=\"wp-block-heading\">Leis incorporadas nesta pol\u00edtica de privacidade<\/h4>\n\n\n\n<p>Esta pol\u00edtica de privacidade \u00e9 adaptada \u00e0 actual legisla\u00e7\u00e3o espanhola e europeia sobre a protec\u00e7\u00e3o de dados pessoais na Internet. Em particular, respeita as seguintes regras:<\/p>\n\n\n\n<ul>\n<li>Regulamento (UE) 2016\/679 do Parlamento Europeu e do Conselho, de 27 de Abril de 2016, relativo \u00e0 protec\u00e7\u00e3o das pessoas singulares no que diz respeito ao tratamento de dados pessoais e \u00e0 livre circula\u00e7\u00e3o desses dados (GDPR).<\/li>\n\n\n\n<li>Lei Org\u00e2nica 3\/2018, de 5 de Dezembro, sobre a Protec\u00e7\u00e3o de Dados Pessoais e Garantia dos Direitos Digitais (LOPD-GDD).<\/li>\n\n\n\n<li>Decreto Real 1720\/2007, de 21 de Dezembro, que aprova o Regulamento de aplica\u00e7\u00e3o da Lei Org\u00e2nica 15\/1999, de 13 de Dezembro, sobre a Protec\u00e7\u00e3o de Dados Pessoais (RDLOPD).<\/li>\n\n\n\n<li>Lei 34\/2002, de 11 de Julho, sobre Servi\u00e7os da Sociedade da Informa\u00e7\u00e3o e Com\u00e9rcio Electr\u00f3nico (LSSI-CE).<\/li>\n<\/ul>\n\n\n\n<h4 class=\"wp-block-heading\">Identidade do respons\u00e1vel pelo tratamento dos dados pessoais<\/h4>\n\n\n\n<p>A pessoa respons\u00e1vel pelo tratamento dos dados pessoais recolhidos pela Green Way Van \u00e9: Sergio Garc\u00eda Gil, com NIF: 53173060G, cujo representante \u00e9: Green Way Van (doravante, o Controlador de Dados). Os seus dados de contacto s\u00e3o os seguintes:<\/p>\n\n\n\n<p>Endere\u00e7o: Zamora 61, 6\u00baA, 36203 Vigo, Pontevedra, Espanha<\/p>\n\n\n\n<p>N\u00famero de telefone de contacto: 606130045<\/p>\n\n\n\n<p>E-mail de contacto: info@greenwayvan.net<\/p>\n\n\n\n<h4 class=\"wp-block-heading\">Registo de dados pessoais<\/h4>\n\n\n\n<p>Em conformidade com as disposi\u00e7\u00f5es do RGPD e do LOPD-GDD, informamos que os dados pessoais recolhidos pela Green Way Van, atrav\u00e9s dos formul\u00e1rios fornecidos nas suas p\u00e1ginas, ser\u00e3o incorporados e processados no nosso ficheiro a fim de facilitar, agilizar e cumprir os compromissos estabelecidos entre a Green Way Van e o Utilizador ou a manuten\u00e7\u00e3o da rela\u00e7\u00e3o estabelecida nos formul\u00e1rios preenchidos pelo Utilizador, ou para responder a um pedido ou consulta do Utilizador. Do mesmo modo, em conformidade com as disposi\u00e7\u00f5es do RGPD e do LOPD-GDD, a menos que se aplique a excep\u00e7\u00e3o prevista no artigo 30.5 do RGPD, \u00e9 mantido um registo de actividades de processamento que especifica, de acordo com os seus objectivos, as actividades de processamento realizadas e as outras circunst\u00e2ncias estabelecidas no RGPD.<\/p>\n\n\n\n<h4 class=\"wp-block-heading\">Princ\u00edpios aplic\u00e1veis ao tratamento de dados pessoais<\/h4>\n\n\n\n<p>O tratamento dos dados pessoais do Utilizador est\u00e1 sujeito aos seguintes princ\u00edpios estabelecidos no artigo 5\u00ba do RGPD e no artigo 4\u00ba e seguintes da Lei Org\u00e2nica 3\/2018, de 5 de Dezembro, sobre a Protec\u00e7\u00e3o de Dados Pessoais e a garantia dos direitos digitais:<\/p>\n\n\n\n<ul>\n<li>Princ\u00edpio da legalidade, equidade e transpar\u00eancia: o consentimento do Utilizador ser\u00e1 sempre requerido ap\u00f3s informa\u00e7\u00e3o completa e transparente sobre os fins para os quais os dados pessoais s\u00e3o recolhidos.<\/li>\n\n\n\n<li>Princ\u00edpio da limita\u00e7\u00e3o da finalidade: os dados pessoais ser\u00e3o recolhidos para fins espec\u00edficos, expl\u00edcitos e leg\u00edtimos.<\/li>\n\n\n\n<li>Princ\u00edpio da minimiza\u00e7\u00e3o dos dados: os dados pessoais recolhidos ser\u00e3o apenas os estritamente necess\u00e1rios para os fins para os quais s\u00e3o tratados.<\/li>\n\n\n\n<li>Princ\u00edpio da exactid\u00e3o: os dados pessoais devem ser exactos e estar sempre actualizados.<\/li>\n\n\n\n<li>Princ\u00edpio de limita\u00e7\u00e3o do per\u00edodo de armazenamento: os dados pessoais s\u00f3 ser\u00e3o conservados numa forma que permita a identifica\u00e7\u00e3o do Utilizador durante o tempo necess\u00e1rio para os fins do seu processamento.<\/li>\n\n\n\n<li>Princ\u00edpio de integridade e confidencialidade: os dados pessoais devem ser tratados de forma a garantir a sua seguran\u00e7a e confidencialidade.<\/li>\n\n\n\n<li>Princ\u00edpio da responsabilidade proactiva: o Controlador ser\u00e1 respons\u00e1vel por assegurar o cumprimento dos princ\u00edpios acima mencionados.<\/li>\n<\/ul>\n\n\n\n<h4 class=\"wp-block-heading\">Categorias de dados pessoais<\/h4>\n\n\n\n<p>As categorias de dados processados pela Green Way Van s\u00e3o unicamente dados de identifica\u00e7\u00e3o. Em caso algum s\u00e3o categorias especiais de dados pessoais tratados na acep\u00e7\u00e3o do artigo 9\u00ba do GDPR.<\/p>\n\n\n\n<h4 class=\"wp-block-heading\">Base jur\u00eddica para o tratamento de dados pessoais<\/h4>\n\n\n\n<p>A base legal para o tratamento de dados pessoais \u00e9 o consentimento. A Green Way Van compromete-se a obter o consentimento expresso e verific\u00e1vel do Utilizador para o tratamento dos seus dados pessoais para uma ou mais finalidades espec\u00edficas.<\/p>\n\n\n\n<p>O Utilizador ter\u00e1 o direito de retirar o seu consentimento em qualquer altura. Ser\u00e1 t\u00e3o f\u00e1cil de retirar o consentimento como de o dar. Como regra geral, a retirada do consentimento n\u00e3o condicionar\u00e1 a utiliza\u00e7\u00e3o do Website.<\/p>\n\n\n\n<p>Nas ocasi\u00f5es em que o Utilizador deve ou pode fornecer os seus dados atrav\u00e9s de formul\u00e1rios para fazer perguntas, solicitar informa\u00e7\u00f5es ou por raz\u00f5es relacionadas com o conte\u00fado do Website, ser\u00e1 informado no caso de o preenchimento de algum deles ser obrigat\u00f3rio devido ao facto de serem essenciais para o correcto desenvolvimento da opera\u00e7\u00e3o realizada.<\/p>\n\n\n\n<h4 class=\"wp-block-heading\">Finalidades do tratamento para o qual os dados pessoais s\u00e3o utilizados<\/h4>\n\n\n\n<p>Os dados pessoais s\u00e3o recolhidos e geridos pela Green Way Van a fim de facilitar, acelerar e cumprir os compromissos estabelecidos entre o Website e o Utilizador ou para manter a rela\u00e7\u00e3o estabelecida nos formul\u00e1rios que este \u00faltimo preenche ou para responder a um pedido ou consulta.<\/p>\n\n\n\n<p>Do mesmo modo, os dados podem ser utilizados para fins comerciais, de personaliza\u00e7\u00e3o, operacionais e estat\u00edsticos, bem como para a extrac\u00e7\u00e3o e armazenamento de dados e estudos de marketing para adaptar o Conte\u00fado oferecido ao Utilizador, e para melhorar a qualidade, funcionamento e navega\u00e7\u00e3o do Website.<\/p>\n\n\n\n<p>No momento da recolha dos dados pessoais, o Utilizador ser\u00e1 informado sobre a(s) finalidade(s) espec\u00edfica(s) do tratamento para o qual os dados pessoais ser\u00e3o utilizados, ou seja, a(s) utiliza\u00e7\u00e3o(\u00f5es) a que a informa\u00e7\u00e3o recolhida ser\u00e1 submetida.<\/p>\n\n\n\n<h4 class=\"wp-block-heading\">Per\u00edodos de reten\u00e7\u00e3o de dados pessoais<\/h4>\n\n\n\n<p>Os dados pessoais ser\u00e3o retidos apenas pelo tempo m\u00ednimo necess\u00e1rio para os fins do seu processamento e, em qualquer caso, apenas pelo per\u00edodo seguinte: 24 meses, ou at\u00e9 o Utilizador solicitar a sua elimina\u00e7\u00e3o.<\/p>\n\n\n\n<p>No momento da obten\u00e7\u00e3o dos dados pessoais, o Utilizador ser\u00e1 informado do per\u00edodo durante o qual os dados pessoais ser\u00e3o retidos ou, quando tal n\u00e3o for poss\u00edvel, dos crit\u00e9rios utilizados para determinar esse per\u00edodo.<\/p>\n\n\n\n<h4 class=\"wp-block-heading\">Destinat\u00e1rios de dados pessoais<\/h4>\n\n\n\n<p>No caso do Respons\u00e1vel pelo tratamento pretender transferir dados pessoais para um pa\u00eds terceiro ou organiza\u00e7\u00e3o internacional, o Utilizador ser\u00e1 informado no momento da obten\u00e7\u00e3o dos dados pessoais sobre o pa\u00eds terceiro ou organiza\u00e7\u00e3o internacional para o qual os dados se destinam a ser transferidos, bem como sobre a exist\u00eancia ou aus\u00eancia de uma decis\u00e3o de adequa\u00e7\u00e3o da Comiss\u00e3o.<\/p>\n\n\n\n<h4 class=\"wp-block-heading\">Dados pessoais de menores<\/h4>\n\n\n\n<p>Respeitando as disposi\u00e7\u00f5es dos artigos 8\u00ba do RGPD e 7\u00ba da Lei Org\u00e2nica 3\/2018, de 5 de Dezembro, sobre a Protec\u00e7\u00e3o de Dados Pessoais e garantia dos direitos digitais, s\u00f3 os maiores de 14 anos podem dar o seu consentimento ao tratamento dos seus dados pessoais de forma l\u00edcita pela Green Way Van. No caso de uma crian\u00e7a com menos de 14 anos, \u00e9 necess\u00e1rio o consentimento dos pais ou tutores para o processamento, e o processamento s\u00f3 \u00e9 l\u00edcito na medida em que os pais ou tutores tenham dado o seu consentimento.<\/p>\n\n\n\n<h4 class=\"wp-block-heading\">Sigilo e seguran\u00e7a dos dados pessoais<\/h4>\n\n\n\n<p>A Green Way Van compromete-se a adoptar as medidas t\u00e9cnicas e organizacionais necess\u00e1rias, de acordo com o n\u00edvel de seguran\u00e7a adequado ao risco dos dados recolhidos, a fim de garantir a seguran\u00e7a dos dados pessoais e evitar a destrui\u00e7\u00e3o acidental ou ilegal, perda ou altera\u00e7\u00e3o dos dados pessoais transmitidos, armazenados ou de outro modo tratados, ou a comunica\u00e7\u00e3o ou acesso n\u00e3o autorizado a tais dados.<\/p>\n\n\n\n<p>O Website tem um certificado SSL (Secure Socket Layer), que assegura que os dados pessoais s\u00e3o transmitidos de forma segura e confidencial, uma vez que a transmiss\u00e3o de dados entre o servidor e o Utilizador, e em troca, \u00e9 totalmente encriptada ou codificada.<\/p>\n\n\n\n<p>No entanto, como a Green Way Van n\u00e3o pode garantir a impregnabilidade da Internet ou a aus\u00eancia total de hackers ou outros que acedam fraudulentamente aos dados pessoais, o Controlador de Dados compromete-se a notificar o Utilizador sem demora indevida quando ocorrer uma viola\u00e7\u00e3o da seguran\u00e7a dos dados pessoais que possa resultar num elevado risco para os direitos e liberdades das pessoas singulares. Em conformidade com o artigo 4\u00ba da GDPR, uma viola\u00e7\u00e3o da seguran\u00e7a de dados pessoais significa qualquer viola\u00e7\u00e3o da seguran\u00e7a que conduza \u00e0 destrui\u00e7\u00e3o acidental ou ilegal, perda ou altera\u00e7\u00e3o, ou divulga\u00e7\u00e3o ou acesso n\u00e3o autorizado a dados pessoais transmitidos, armazenados ou de outro modo processados.<\/p>\n\n\n\n<p>Os dados pessoais ser\u00e3o tratados como confidenciais pelo Controlador de Dados, que se compromete a informar e a assegurar atrav\u00e9s de uma obriga\u00e7\u00e3o legal ou contratual que tal confidencialidade seja respeitada pelos seus empregados, parceiros, e qualquer outra pessoa a quem torne as informa\u00e7\u00f5es acess\u00edveis.<\/p>\n\n\n\n<h4 class=\"wp-block-heading\">Direitos decorrentes do tratamento de dados pessoais<\/h4>\n\n\n\n<p>O Utilizador tem sobre a Green Way Van e pode, portanto, exercer contra o Controlador de Dados os seguintes direitos reconhecidos no RGPD e na Lei Org\u00e2nica 3\/2018, de 5 de Dezembro, sobre a Protec\u00e7\u00e3o de Dados Pessoais e garantia dos direitos digitais:<\/p>\n\n\n\n<ul>\n<li><em>Direito de acesso:<\/em>  Este \u00e9 o direito do Utilizador de obter confirma\u00e7\u00e3o sobre se a Green Way Van est\u00e1 ou n\u00e3o a processar os seus dados pessoais e, em caso afirmativo, de obter informa\u00e7\u00f5es sobre os seus dados pessoais espec\u00edficos e o processamento que a Green Way Van efectuou ou est\u00e1 a efectuar, bem como, entre outras coisas, as informa\u00e7\u00f5es dispon\u00edveis sobre a origem dos referidos dados e os destinat\u00e1rios das comunica\u00e7\u00f5es efectuadas ou previstas para os referidos dados.<\/li>\n\n\n\n<li><em>Direito de rectifica\u00e7\u00e3o:<\/em> Este \u00e9 o direito do Utilizador a que os seus dados pessoais sejam alterados se se revelarem inexactos ou, tendo em conta as finalidades do processamento, incompletos.<\/li>\n\n\n\n<li><em>Direito de apagamento (&#8220;o direito a ser esquecido&#8221;):<\/em>  Este \u00e9 o direito do Utilizador, salvo disposi\u00e7\u00e3o legal em contr\u00e1rio, de obter o apagamento dos seus dados pessoais quando estes j\u00e1 n\u00e3o s\u00e3o necess\u00e1rios para os fins para os quais foram recolhidos ou processados; o Utilizador retirou o seu consentimento para o processamento e n\u00e3o h\u00e1 outra base legal para o processamento; o Utilizador se opuser ao tratamento e n\u00e3o houver outra raz\u00e3o leg\u00edtima para continuar o tratamento; os dados pessoais tiverem sido tratados ilegalmente; os dados pessoais tiverem de ser apagados em conformidade com uma obriga\u00e7\u00e3o legal; ou os dados pessoais tiverem sido obtidos como resultado de uma oferta directa de servi\u00e7os da sociedade de informa\u00e7\u00e3o a um menor de 14 anos. Para al\u00e9m do apagamento, o respons\u00e1vel pelo tratamento deve, tendo em conta a tecnologia dispon\u00edvel e os custos de implementa\u00e7\u00e3o, tomar medidas razo\u00e1veis para informar os respons\u00e1veis pelo tratamento que est\u00e3o a tratar os dados pessoais do pedido de apagamento da pessoa em causa de qualquer liga\u00e7\u00e3o a esses dados pessoais.<\/li>\n\n\n\n<li><em>Direito \u00e0 limita\u00e7\u00e3o do processamento:<\/em> Este \u00e9 o direito do Utilizador de limitar o processamento dos seus dados pessoais. O Utilizador tem o direito de obter a restri\u00e7\u00e3o do processamento quando contesta a exactid\u00e3o dos seus dados pessoais; o processamento \u00e9 ilegal; o Controlador j\u00e1 n\u00e3o precisa dos dados pessoais, mas o Utilizador precisa deles para fazer reclama\u00e7\u00f5es; e quando o Utilizador se op\u00f4s ao processamento.<\/li>\n\n\n\n<li><em>Direito \u00e0 portabilidade dos dados:<\/em> Quando o processamento for efectuado por meios automatizados, o Utilizador ter\u00e1 o direito de receber do Controlador os seus dados pessoais num formato estruturado, comummente utilizado e leg\u00edvel por m\u00e1quina, e de os transmitir a outro Controlador. Quando tecnicamente vi\u00e1vel, o Controlador deve transmitir os dados directamente a esse outro Controlador.<\/li>\n\n\n\n<li><em>Direito de oposi\u00e7\u00e3o:<\/em> Este \u00e9 o direito do Utilizador de n\u00e3o ter os seus dados pessoais processados ou de cessar o processamento dos seus dados pessoais pela Green Way Van.<\/li>\n\n\n\n<li><em>O direito de n\u00e3o estar sujeito a uma decis\u00e3o baseada unicamente no processamento automatizado, incluindo a defini\u00e7\u00e3o de perfis:<\/em>  Este \u00e9 o direito do Utilizador de n\u00e3o estar sujeito a uma decis\u00e3o individualizada baseada unicamente no tratamento automatizado dos seus dados pessoais, incluindo a defini\u00e7\u00e3o de perfis, salvo disposi\u00e7\u00e3o legal em contr\u00e1rio.<\/li>\n<\/ul>\n\n\n\n<p>Por conseguinte, o Utilizador pode exercer os seus direitos atrav\u00e9s de uma comunica\u00e7\u00e3o escrita dirigida ao Controlador de Dados com a refer\u00eancia &#8220;RGPD-https:\/\/greenwayvan.net&#8221;, especificando:<\/p>\n\n\n\n<ul>\n<li>Nome do utilizador, apelido e c\u00f3pia do bilhete de identidade. Nos casos em que a representa\u00e7\u00e3o \u00e9 permitida, ser\u00e1 tamb\u00e9m necess\u00e1rio identificar a pessoa que representa o Utilizador pelos mesmos meios, bem como o documento que credita a representa\u00e7\u00e3o. A fotoc\u00f3pia do bilhete de identidade pode ser substitu\u00edda por qualquer outro meio de prova de identidade legalmente v\u00e1lido.<\/li>\n\n\n\n<li>Pedido com raz\u00f5es espec\u00edficas para o pedido ou informa\u00e7\u00e3o a ser acedida.<\/li>\n\n\n\n<li>Endere\u00e7o para efeitos de notifica\u00e7\u00f5es.<\/li>\n\n\n\n<li>Data e assinatura do requerente.<\/li>\n\n\n\n<li>Qualquer documento de apoio ao pedido que esteja a fazer.<\/li>\n<\/ul>\n\n\n\n<p>Este pedido e quaisquer documentos que o acompanhem podem ser enviados para o seguinte endere\u00e7o e\/ou endere\u00e7o de correio electr\u00f3nico:<\/p>\n\n\n\n<p>Endere\u00e7o postal: Zamora 61, 6\u00baA, 36203 Vigo, Pontevedra, Espanha<\/p>\n\n\n\n<p>E-mail: info@greenwayvan.net<\/p>\n\n\n\n<h4 class=\"wp-block-heading\">Liga\u00e7\u00f5es a s\u00edtios Web de terceiros<\/h4>\n\n\n\n<p>O Website pode incluir hiperliga\u00e7\u00f5es ou links para websites de terceiros que n\u00e3o a Green Way Van, que n\u00e3o s\u00e3o operados pela Green Way Van. Os propriet\u00e1rios de tais websites ter\u00e3o as suas pr\u00f3prias pol\u00edticas de protec\u00e7\u00e3o de dados, sendo eles pr\u00f3prios, em cada caso, respons\u00e1veis pelos seus pr\u00f3prios ficheiros e pelas suas pr\u00f3prias pr\u00e1ticas de privacidade.<\/p>\n\n\n\n<h4 class=\"wp-block-heading\">Reclama\u00e7\u00f5es \u00e0 autoridade de supervis\u00e3o<\/h4>\n\n\n\n<p>No caso de o Utilizador considerar que existe um problema ou uma viola\u00e7\u00e3o da regulamenta\u00e7\u00e3o em vigor na forma como os seus dados pessoais est\u00e3o a ser tratados, ter\u00e1 direito a uma protec\u00e7\u00e3o judicial efectiva e a apresentar queixa junto de uma autoridade de controlo, em particular no Estado em que tem a sua resid\u00eancia habitual, local de trabalho ou local da alegada viola\u00e7\u00e3o. No caso de Espanha, a autoridade de controlo \u00e9 a Ag\u00eancia Espanhola de Protec\u00e7\u00e3o de Dados (http:\/\/www.agpd.es).<\/p>\n\n\n\n<h3 class=\"wp-block-heading\">II. ACEITA\u00c7\u00c3O E ALTERA\u00c7\u00d5ES A ESTA POL\u00cdTICA DE PRIVACIDADE<\/h3>\n\n\n\n<p>\u00c9 necess\u00e1rio que o Utilizador tenha lido e aceite as condi\u00e7\u00f5es sobre a protec\u00e7\u00e3o de dados pessoais contidas na presente Pol\u00edtica de Privacidade, bem como que aceite o tratamento dos seus dados pessoais para que o Respons\u00e1vel pelo Tratamento de Dados possa proceder da forma, durante os per\u00edodos e para os fins indicados. A utiliza\u00e7\u00e3o do Website implica a aceita\u00e7\u00e3o da Pol\u00edtica de Privacidade do Website.<\/p>\n\n\n\n<p>A Green Way Van reserva-se o direito de modificar a sua Pol\u00edtica de Privacidade, de acordo com os seus pr\u00f3prios crit\u00e9rios, ou motivada por uma altera\u00e7\u00e3o legislativa, jurisprudencial ou doutrinal da Ag\u00eancia Espanhola de Protec\u00e7\u00e3o de Dados. Altera\u00e7\u00f5es ou actualiza\u00e7\u00f5es a esta Pol\u00edtica de Privacidade n\u00e3o ser\u00e3o explicitamente notificadas ao Utilizador. Recomenda-se ao Utilizador que consulte esta p\u00e1gina periodicamente para se manter a par das \u00faltimas altera\u00e7\u00f5es ou actualiza\u00e7\u00f5es.<\/p>\n\n\n\n<p>Esta Pol\u00edtica de Privacidade foi actualizada para se adaptar ao Regulamento (UE) 2016\/679 do Parlamento Europeu e do Conselho de 27 de Abril de 2016 relativo \u00e0 protec\u00e7\u00e3o das pessoas singulares no que diz respeito ao tratamento de dados pessoais e \u00e0 livre circula\u00e7\u00e3o desses dados (GDPR) e \u00e0 Lei Org\u00e2nica 3\/2018 de 5 de Dezembro sobre a Protec\u00e7\u00e3o de Dados Pessoais e garantia dos direitos digitais.<\/p>\n","protected":false},"excerpt":{"rendered":"<p>POL\u00cdTICA DE PRIVACIDADE I. POL\u00cdTICA DE PRIVACIDADE E PROTEC\u00c7\u00c3O DE DADOS Respeitando as disposi\u00e7\u00f5es da&hellip;<\/p>\n","protected":false},"author":1,"featured_media":0,"parent":0,"menu_order":0,"comment_status":"closed","ping_status":"closed","template":"","meta":[],"yoast_head":"<!-- This site is optimized with the Yoast SEO plugin v20.5 - https:\/\/yoast.com\/wordpress\/plugins\/seo\/ -->\n<title>Pol\u00edtica de privacidade - Green Way Van<\/title>\n<meta name=\"robots\" content=\"index, follow, max-snippet:-1, max-image-preview:large, max-video-preview:-1\" \/>\n<link rel=\"canonical\" href=\"https:\/\/greenwayvan.net\/pt-pt\/politica-de-privacidade\/\" \/>\n<meta property=\"og:locale\" content=\"pt_PT\" \/>\n<meta property=\"og:type\" content=\"article\" \/>\n<meta property=\"og:title\" content=\"Pol\u00edtica de privacidade - Green Way Van\" \/>\n<meta property=\"og:description\" content=\"POL\u00cdTICA DE PRIVACIDADE I. POL\u00cdTICA DE PRIVACIDADE E PROTEC\u00c7\u00c3O DE DADOS Respeitando as disposi\u00e7\u00f5es da&hellip;\" \/>\n<meta property=\"og:url\" content=\"https:\/\/greenwayvan.net\/pt-pt\/politica-de-privacidade\/\" \/>\n<meta property=\"og:site_name\" content=\"Green Way Van\" \/>\n<meta property=\"article:modified_time\" content=\"2026-03-16T17:29:12+00:00\" \/>\n<meta name=\"twitter:card\" content=\"summary_large_image\" \/>\n<meta name=\"twitter:label1\" content=\"Tempo estimado de leitura\" \/>\n\t<meta name=\"twitter:data1\" content=\"12 minutos\" \/>\n<script type=\"application\/ld+json\" class=\"yoast-schema-graph\">{\"@context\":\"https:\/\/schema.org\",\"@graph\":[{\"@type\":\"WebPage\",\"@id\":\"https:\/\/greenwayvan.net\/pt-pt\/politica-de-privacidade\/\",\"url\":\"https:\/\/greenwayvan.net\/pt-pt\/politica-de-privacidade\/\",\"name\":\"Pol\u00edtica de privacidade - Green Way Van\",\"isPartOf\":{\"@id\":\"https:\/\/greenwayvan.net\/pt-pt\/#website\"},\"datePublished\":\"2022-04-26T05:13:31+00:00\",\"dateModified\":\"2026-03-16T17:29:12+00:00\",\"breadcrumb\":{\"@id\":\"https:\/\/greenwayvan.net\/pt-pt\/politica-de-privacidade\/#breadcrumb\"},\"inLanguage\":\"pt-PT\",\"potentialAction\":[{\"@type\":\"ReadAction\",\"target\":[\"https:\/\/greenwayvan.net\/pt-pt\/politica-de-privacidade\/\"]}]},{\"@type\":\"BreadcrumbList\",\"@id\":\"https:\/\/greenwayvan.net\/pt-pt\/politica-de-privacidade\/#breadcrumb\",\"itemListElement\":[{\"@type\":\"ListItem\",\"position\":1,\"name\":\"Portada\",\"item\":\"https:\/\/greenwayvan.net\/pt-pt\/\"},{\"@type\":\"ListItem\",\"position\":2,\"name\":\"Pol\u00edtica de privacidade\"}]},{\"@type\":\"WebSite\",\"@id\":\"https:\/\/greenwayvan.net\/pt-pt\/#website\",\"url\":\"https:\/\/greenwayvan.net\/pt-pt\/\",\"name\":\"Green Way Van\",\"description\":\"Alquiler de autocaravanas en Vigo. Vive tu propia aventura en una autocaravana nueva y s\u00faper equipada. Seguro a todo riesgo incluido en el precio.\",\"potentialAction\":[{\"@type\":\"SearchAction\",\"target\":{\"@type\":\"EntryPoint\",\"urlTemplate\":\"https:\/\/greenwayvan.net\/pt-pt\/?s={search_term_string}\"},\"query-input\":\"required name=search_term_string\"}],\"inLanguage\":\"pt-PT\"}]}<\/script>\n<!-- \/ Yoast SEO plugin. -->","yoast_head_json":{"title":"Pol\u00edtica de privacidade - Green Way Van","robots":{"index":"index","follow":"follow","max-snippet":"max-snippet:-1","max-image-preview":"max-image-preview:large","max-video-preview":"max-video-preview:-1"},"canonical":"https:\/\/greenwayvan.net\/pt-pt\/politica-de-privacidade\/","og_locale":"pt_PT","og_type":"article","og_title":"Pol\u00edtica de privacidade - Green Way Van","og_description":"POL\u00cdTICA DE PRIVACIDADE I. POL\u00cdTICA DE PRIVACIDADE E PROTEC\u00c7\u00c3O DE DADOS Respeitando as disposi\u00e7\u00f5es da&hellip;","og_url":"https:\/\/greenwayvan.net\/pt-pt\/politica-de-privacidade\/","og_site_name":"Green Way Van","article_modified_time":"2026-03-16T17:29:12+00:00","twitter_card":"summary_large_image","twitter_misc":{"Tempo estimado de leitura":"12 minutos"},"schema":{"@context":"https:\/\/schema.org","@graph":[{"@type":"WebPage","@id":"https:\/\/greenwayvan.net\/pt-pt\/politica-de-privacidade\/","url":"https:\/\/greenwayvan.net\/pt-pt\/politica-de-privacidade\/","name":"Pol\u00edtica de privacidade - Green Way Van","isPartOf":{"@id":"https:\/\/greenwayvan.net\/pt-pt\/#website"},"datePublished":"2022-04-26T05:13:31+00:00","dateModified":"2026-03-16T17:29:12+00:00","breadcrumb":{"@id":"https:\/\/greenwayvan.net\/pt-pt\/politica-de-privacidade\/#breadcrumb"},"inLanguage":"pt-PT","potentialAction":[{"@type":"ReadAction","target":["https:\/\/greenwayvan.net\/pt-pt\/politica-de-privacidade\/"]}]},{"@type":"BreadcrumbList","@id":"https:\/\/greenwayvan.net\/pt-pt\/politica-de-privacidade\/#breadcrumb","itemListElement":[{"@type":"ListItem","position":1,"name":"Portada","item":"https:\/\/greenwayvan.net\/pt-pt\/"},{"@type":"ListItem","position":2,"name":"Pol\u00edtica de privacidade"}]},{"@type":"WebSite","@id":"https:\/\/greenwayvan.net\/pt-pt\/#website","url":"https:\/\/greenwayvan.net\/pt-pt\/","name":"Green Way Van","description":"Alquiler de autocaravanas en Vigo. Vive tu propia aventura en una autocaravana nueva y s\u00faper equipada. Seguro a todo riesgo incluido en el precio.","potentialAction":[{"@type":"SearchAction","target":{"@type":"EntryPoint","urlTemplate":"https:\/\/greenwayvan.net\/pt-pt\/?s={search_term_string}"},"query-input":"required name=search_term_string"}],"inLanguage":"pt-PT"}]}},"_links":{"self":[{"href":"https:\/\/greenwayvan.net\/pt-pt\/wp-json\/wp\/v2\/pages\/2574"}],"collection":[{"href":"https:\/\/greenwayvan.net\/pt-pt\/wp-json\/wp\/v2\/pages"}],"about":[{"href":"https:\/\/greenwayvan.net\/pt-pt\/wp-json\/wp\/v2\/types\/page"}],"author":[{"embeddable":true,"href":"https:\/\/greenwayvan.net\/pt-pt\/wp-json\/wp\/v2\/users\/1"}],"replies":[{"embeddable":true,"href":"https:\/\/greenwayvan.net\/pt-pt\/wp-json\/wp\/v2\/comments?post=2574"}],"version-history":[{"count":2,"href":"https:\/\/greenwayvan.net\/pt-pt\/wp-json\/wp\/v2\/pages\/2574\/revisions"}],"predecessor-version":[{"id":3827,"href":"https:\/\/greenwayvan.net\/pt-pt\/wp-json\/wp\/v2\/pages\/2574\/revisions\/3827"}],"wp:attachment":[{"href":"https:\/\/greenwayvan.net\/pt-pt\/wp-json\/wp\/v2\/media?parent=2574"}],"curies":[{"name":"wp","href":"https:\/\/api.w.org\/{rel}","templated":true}]}}