{"id":2962,"date":"2023-02-05T21:11:22","date_gmt":"2023-02-05T20:11:22","guid":{"rendered":"https:\/\/greenwayvan.net\/caravanas\/mc-luis-mc4\/"},"modified":"2023-02-05T21:39:24","modified_gmt":"2023-02-05T20:39:24","slug":"mc-luis-mc4","status":"publish","type":"catalog","link":"https:\/\/greenwayvan.net\/pt-pt\/caravanas\/mc-luis-mc4\/","title":{"rendered":"Mc luis MC4"},"content":{"rendered":"\t\t<div data-elementor-type=\"wp-post\" data-elementor-id=\"2962\" class=\"elementor elementor-2962\">\n\t\t\t\t\t\t\t\t\t<section class=\"elementor-section elementor-top-section elementor-element elementor-element-8f218b1 elementor-section-boxed elementor-section-height-default elementor-section-height-default\" data-id=\"8f218b1\" data-element_type=\"section\">\n\t\t\t\t\t\t<div class=\"elementor-container elementor-column-gap-no\">\n\t\t\t\t\t<div class=\"elementor-column elementor-col-100 elementor-top-column elementor-element elementor-element-6ce22e9\" data-id=\"6ce22e9\" data-element_type=\"column\">\n\t\t\t<div class=\"elementor-widget-wrap elementor-element-populated\">\n\t\t\t\t\t\t\t\t<div class=\"elementor-element elementor-element-447d045 elementor-widget elementor-widget-accordion\" data-id=\"447d045\" data-element_type=\"widget\" data-widget_type=\"accordion.default\">\n\t\t\t\t<div class=\"elementor-widget-container\">\n\t\t\t<style>\/*! elementor - v3.12.1 - 02-04-2023 *\/\n.elementor-accordion{text-align:left}.elementor-accordion .elementor-accordion-item{border:1px solid #d5d8dc}.elementor-accordion .elementor-accordion-item+.elementor-accordion-item{border-top:none}.elementor-accordion .elementor-tab-title{margin:0;padding:15px 20px;font-weight:700;line-height:1;cursor:pointer;outline:none}.elementor-accordion .elementor-tab-title .elementor-accordion-icon{display:inline-block;width:1.5em}.elementor-accordion .elementor-tab-title .elementor-accordion-icon svg{width:1em;height:1em}.elementor-accordion .elementor-tab-title .elementor-accordion-icon.elementor-accordion-icon-right{float:right;text-align:right}.elementor-accordion .elementor-tab-title .elementor-accordion-icon.elementor-accordion-icon-left{float:left;text-align:left}.elementor-accordion .elementor-tab-title .elementor-accordion-icon .elementor-accordion-icon-closed{display:block}.elementor-accordion .elementor-tab-title .elementor-accordion-icon .elementor-accordion-icon-opened,.elementor-accordion .elementor-tab-title.elementor-active .elementor-accordion-icon-closed{display:none}.elementor-accordion .elementor-tab-title.elementor-active .elementor-accordion-icon-opened{display:block}.elementor-accordion .elementor-tab-content{display:none;padding:15px 20px;border-top:1px solid #d5d8dc}@media (max-width:767px){.elementor-accordion .elementor-tab-title{padding:12px 15px}.elementor-accordion .elementor-tab-title .elementor-accordion-icon{width:1.2em}.elementor-accordion .elementor-tab-content{padding:7px 15px}}.e-con-inner>.elementor-widget-accordion,.e-con>.elementor-widget-accordion{width:var(--container-widget-width);--flex-grow:var(--container-widget-flex-grow)}<\/style>\t\t<div class=\"elementor-accordion\" role=\"tablist\">\n\t\t\t\t\t\t\t<div class=\"elementor-accordion-item\">\n\t\t\t\t\t<div id=\"elementor-tab-title-7181\" class=\"elementor-tab-title\" data-tab=\"1\" role=\"tab\" aria-controls=\"elementor-tab-content-7181\" aria-expanded=\"false\">\n\t\t\t\t\t\t\t\t\t\t\t\t\t<span class=\"elementor-accordion-icon elementor-accordion-icon-left\" aria-hidden=\"true\">\n\t\t\t\t\t\t\t\t\t\t\t\t\t\t\t<span class=\"elementor-accordion-icon-closed\"><i class=\"fas fa-plus\"><\/i><\/span>\n\t\t\t\t\t\t\t\t<span class=\"elementor-accordion-icon-opened\"><i class=\"fas fa-minus\"><\/i><\/span>\n\t\t\t\t\t\t\t\t\t\t\t\t\t\t<\/span>\n\t\t\t\t\t\t\t\t\t\t\t\t<a class=\"elementor-accordion-title\" href=\"\">Puntos fuertes<\/a>\n\t\t\t\t\t<\/div>\n\t\t\t\t\t<div id=\"elementor-tab-content-7181\" class=\"elementor-tab-content elementor-clearfix\" data-tab=\"1\" role=\"tabpanel\" aria-labelledby=\"elementor-tab-title-7181\"><ul>\n<li> 4 plazas en circulaci\u00f3n y 4 plazas fijas para dormir<\/li>\n<li>Cama trasera en Isla<\/li>\n<li>Gran frigor\u00edfico 150 l <\/li>\n<li>Gran garaje con 2 portones y cerraduras tipo automoci\u00f3n<\/li>\n<li>Cuarto de aseo <\/li>\n<li>Cuarto de ducha independiente<\/li>\n<\/ul>\n<\/div>\n\t\t\t\t<\/div>\n\t\t\t\t\t\t\t<div class=\"elementor-accordion-item\">\n\t\t\t\t\t<div id=\"elementor-tab-title-7182\" class=\"elementor-tab-title\" data-tab=\"2\" role=\"tab\" aria-controls=\"elementor-tab-content-7182\" aria-expanded=\"false\">\n\t\t\t\t\t\t\t\t\t\t\t\t\t<span class=\"elementor-accordion-icon elementor-accordion-icon-left\" aria-hidden=\"true\">\n\t\t\t\t\t\t\t\t\t\t\t\t\t\t\t<span class=\"elementor-accordion-icon-closed\"><i class=\"fas fa-plus\"><\/i><\/span>\n\t\t\t\t\t\t\t\t<span class=\"elementor-accordion-icon-opened\"><i class=\"fas fa-minus\"><\/i><\/span>\n\t\t\t\t\t\t\t\t\t\t\t\t\t\t<\/span>\n\t\t\t\t\t\t\t\t\t\t\t\t<a class=\"elementor-accordion-title\" href=\"\">Chasis<\/a>\n\t\t\t\t\t<\/div>\n\t\t\t\t\t<div id=\"elementor-tab-content-7182\" class=\"elementor-tab-content elementor-clearfix\" data-tab=\"2\" role=\"tabpanel\" aria-labelledby=\"elementor-tab-title-7182\"><ul>\n<li>ABS + ESP<\/li>\n<li>Airbag conductor y pasajero<\/li>\n<li>Aire acondicionado de cabina manual<\/li>\n<li>Eje trasero ensanchado (1980 mm)<\/li>\n<li>Elevalunas el\u00e9ctricos<\/li>\n<li>Fundas asientos cabina en ambiente c\u00e9lula<\/li>\n<li>Parachoques delantero pintado color cabina<\/li>\n<li>Regulador de velocidad<\/li>\n<li>Retrovisores el\u00e9ctricos y calefactados<\/li>\n<li>Ruedas 16&#8243;<\/li>\n<li>Volante regulable en profundidad<\/li>\n<li>Asientos conductor y pasajero giratorios<\/li>\n<li>Asientos conductor y pasajero regulables en altura, 2 reposabrazos y asiento reclinable<\/li>\n<li>Cierre centralizado con mando a distancia<\/li>\n<li>Distancia entre ejes (mm) : 3750<\/li>\n<li>Encendido de luces autom\u00e1tico<\/li>\n<li>Faros antiniebla delanteros + faros posici\u00f3n LED<\/li>\n<li>Faros hal\u00f3genos con iluminaci\u00f3n de \u00e1ngulo fija<\/li>\n<li>Fiat Ducato 6d &#8211; 2, 0 l &#8211; 120 CV &#8211; Cambio 6 velocidades<\/li>\n<li>Limpiaparabrisas autom\u00e1tico y desempa\u00f1amiento del parabrisas el\u00e9ctrico<\/li>\n<li>Luz de d\u00eda<\/li>\n<li>Palanca freno de mano escamoteable<\/li>\n<li>Pomo palanca de cambio forrado en cuero<\/li>\n<li>Portaobjetos en salpicadero con toma 12 V<\/li>\n<li>Portaobjetos techo cabina tipo avi\u00f3n<\/li>\n<li>Radio con USB <\/li>\n<li>Bluetooth con mandos en el volante<\/li>\n<li>Regulaci\u00f3n lumbar asientos cabina<\/li>\n<li>Volante forrado en cuero y regulable en altura <\/li>\n<\/ul>\n<\/div>\n\t\t\t\t<\/div>\n\t\t\t\t\t\t\t<div class=\"elementor-accordion-item\">\n\t\t\t\t\t<div id=\"elementor-tab-title-7183\" class=\"elementor-tab-title\" data-tab=\"3\" role=\"tab\" aria-controls=\"elementor-tab-content-7183\" aria-expanded=\"false\">\n\t\t\t\t\t\t\t\t\t\t\t\t\t<span class=\"elementor-accordion-icon elementor-accordion-icon-left\" aria-hidden=\"true\">\n\t\t\t\t\t\t\t\t\t\t\t\t\t\t\t<span class=\"elementor-accordion-icon-closed\"><i class=\"fas fa-plus\"><\/i><\/span>\n\t\t\t\t\t\t\t\t<span class=\"elementor-accordion-icon-opened\"><i class=\"fas fa-minus\"><\/i><\/span>\n\t\t\t\t\t\t\t\t\t\t\t\t\t\t<\/span>\n\t\t\t\t\t\t\t\t\t\t\t\t<a class=\"elementor-accordion-title\" href=\"\">C\u00e9lula<\/a>\n\t\t\t\t\t<\/div>\n\t\t\t\t\t<div id=\"elementor-tab-content-7183\" class=\"elementor-tab-content elementor-clearfix\" data-tab=\"3\" role=\"tabpanel\" aria-labelledby=\"elementor-tab-title-7183\"><ul>\n<li>Carrocer\u00eda y cara inferior del suelo de poli\u00e9ster<\/li>\n<li>Cerraduras portones tipo automoci\u00f3n<\/li>\n<li>Portabicicletas<\/li>\n<li>Paredes y techo imputrescibles (sin listones madera)<\/li>\n<li>Ventanas doble vidrio Dometic D-Lux<\/li>\n<li>Claraboya sal\u00f3n 110&#215;90 cm<\/li>\n<li>Parachoques trasero con pilotos LED<\/li>\n<li>Puerta de c\u00e9lula con 2 puntos de cierre, ventana, mosquitera y papelera<\/li>\n<li>Toma 230 V \/ 12 V en el garaje<\/li>\n<\/ul>\n<\/div>\n\t\t\t\t<\/div>\n\t\t\t\t\t\t\t<div class=\"elementor-accordion-item\">\n\t\t\t\t\t<div id=\"elementor-tab-title-7184\" class=\"elementor-tab-title\" data-tab=\"4\" role=\"tab\" aria-controls=\"elementor-tab-content-7184\" aria-expanded=\"false\">\n\t\t\t\t\t\t\t\t\t\t\t\t\t<span class=\"elementor-accordion-icon elementor-accordion-icon-left\" aria-hidden=\"true\">\n\t\t\t\t\t\t\t\t\t\t\t\t\t\t\t<span class=\"elementor-accordion-icon-closed\"><i class=\"fas fa-plus\"><\/i><\/span>\n\t\t\t\t\t\t\t\t<span class=\"elementor-accordion-icon-opened\"><i class=\"fas fa-minus\"><\/i><\/span>\n\t\t\t\t\t\t\t\t\t\t\t\t\t\t<\/span>\n\t\t\t\t\t\t\t\t\t\t\t\t<a class=\"elementor-accordion-title\" href=\"\">Interior c\u00e9lula<\/a>\n\t\t\t\t\t<\/div>\n\t\t\t\t\t<div id=\"elementor-tab-content-7184\" class=\"elementor-tab-content elementor-clearfix\" data-tab=\"4\" role=\"tabpanel\" aria-labelledby=\"elementor-tab-title-7184\"><ul>\n<li>1 set de cocina<\/li>\n<li>2 almohadas habitaci\u00f3n<\/li>\n<li>Cajones con final de carrera autom\u00e1tico y silencioso<\/li>\n<li>Cama suspendida de techo el\u00e9ctrica 2 PLAZA <\/li>\n<li>Iluminaci\u00f3n interior LED<\/li>\n<li>Soporte TV<\/li>\n<li>Mesa <\/li>\n<li>Mobiliario <\/li>\n<\/ul>\n<\/div>\n\t\t\t\t<\/div>\n\t\t\t\t\t\t\t<div class=\"elementor-accordion-item\">\n\t\t\t\t\t<div id=\"elementor-tab-title-7185\" class=\"elementor-tab-title\" data-tab=\"5\" role=\"tab\" aria-controls=\"elementor-tab-content-7185\" aria-expanded=\"false\">\n\t\t\t\t\t\t\t\t\t\t\t\t\t<span class=\"elementor-accordion-icon elementor-accordion-icon-left\" aria-hidden=\"true\">\n\t\t\t\t\t\t\t\t\t\t\t\t\t\t\t<span class=\"elementor-accordion-icon-closed\"><i class=\"fas fa-plus\"><\/i><\/span>\n\t\t\t\t\t\t\t\t<span class=\"elementor-accordion-icon-opened\"><i class=\"fas fa-minus\"><\/i><\/span>\n\t\t\t\t\t\t\t\t\t\t\t\t\t\t<\/span>\n\t\t\t\t\t\t\t\t\t\t\t\t<a class=\"elementor-accordion-title\" href=\"\">Cocina<\/a>\n\t\t\t\t\t<\/div>\n\t\t\t\t\t<div id=\"elementor-tab-content-7185\" class=\"elementor-tab-content elementor-clearfix\" data-tab=\"5\" role=\"tabpanel\" aria-labelledby=\"elementor-tab-title-7185\"><ul>\n<li>Bombona(s) de gas : 2<\/li>\n<li>Fregadero y cocina 3 fuegos encastrados con encendido el\u00e9ctrico<\/li>\n<li>Gran frigor\u00edfico 150 l <\/li>\n<li>Extensi\u00f3n de encimera<\/li>\n<\/ul>\n<\/div>\n\t\t\t\t<\/div>\n\t\t\t\t\t\t\t<div class=\"elementor-accordion-item\">\n\t\t\t\t\t<div id=\"elementor-tab-title-7186\" class=\"elementor-tab-title\" data-tab=\"6\" role=\"tab\" aria-controls=\"elementor-tab-content-7186\" aria-expanded=\"false\">\n\t\t\t\t\t\t\t\t\t\t\t\t\t<span class=\"elementor-accordion-icon elementor-accordion-icon-left\" aria-hidden=\"true\">\n\t\t\t\t\t\t\t\t\t\t\t\t\t\t\t<span class=\"elementor-accordion-icon-closed\"><i class=\"fas fa-plus\"><\/i><\/span>\n\t\t\t\t\t\t\t\t<span class=\"elementor-accordion-icon-opened\"><i class=\"fas fa-minus\"><\/i><\/span>\n\t\t\t\t\t\t\t\t\t\t\t\t\t\t<\/span>\n\t\t\t\t\t\t\t\t\t\t\t\t<a class=\"elementor-accordion-title\" href=\"\">Cuarto de aseo<\/a>\n\t\t\t\t\t<\/div>\n\t\t\t\t\t<div id=\"elementor-tab-content-7186\" class=\"elementor-tab-content elementor-clearfix\" data-tab=\"6\" role=\"tabpanel\" aria-labelledby=\"elementor-tab-title-7186\"><ul>\n<li>Ducha independiente con cesto<\/li>\n<li>Ba\u00f1o independiente<\/li>\n<\/ul>\n<\/div>\n\t\t\t\t<\/div>\n\t\t\t\t\t\t\t<div class=\"elementor-accordion-item\">\n\t\t\t\t\t<div id=\"elementor-tab-title-7187\" class=\"elementor-tab-title\" data-tab=\"7\" role=\"tab\" aria-controls=\"elementor-tab-content-7187\" aria-expanded=\"false\">\n\t\t\t\t\t\t\t\t\t\t\t\t\t<span class=\"elementor-accordion-icon elementor-accordion-icon-left\" aria-hidden=\"true\">\n\t\t\t\t\t\t\t\t\t\t\t\t\t\t\t<span class=\"elementor-accordion-icon-closed\"><i class=\"fas fa-plus\"><\/i><\/span>\n\t\t\t\t\t\t\t\t<span class=\"elementor-accordion-icon-opened\"><i class=\"fas fa-minus\"><\/i><\/span>\n\t\t\t\t\t\t\t\t\t\t\t\t\t\t<\/span>\n\t\t\t\t\t\t\t\t\t\t\t\t<a class=\"elementor-accordion-title\" href=\"\">Capacidad dep\u00f3sito de agua<\/a>\n\t\t\t\t\t<\/div>\n\t\t\t\t\t<div id=\"elementor-tab-content-7187\" class=\"elementor-tab-content elementor-clearfix\" data-tab=\"7\" role=\"tabpanel\" aria-labelledby=\"elementor-tab-title-7187\"><ul>\n<li>Aguas limpias (l) : 1-120<\/li>\n<li>Aguas grises (l) : 105<\/li>\n<\/ul>\n<\/div>\n\t\t\t\t<\/div>\n\t\t\t\t\t\t\t<div class=\"elementor-accordion-item\">\n\t\t\t\t\t<div id=\"elementor-tab-title-7188\" class=\"elementor-tab-title\" data-tab=\"8\" role=\"tab\" aria-controls=\"elementor-tab-content-7188\" aria-expanded=\"false\">\n\t\t\t\t\t\t\t\t\t\t\t\t\t<span class=\"elementor-accordion-icon elementor-accordion-icon-left\" aria-hidden=\"true\">\n\t\t\t\t\t\t\t\t\t\t\t\t\t\t\t<span class=\"elementor-accordion-icon-closed\"><i class=\"fas fa-plus\"><\/i><\/span>\n\t\t\t\t\t\t\t\t<span class=\"elementor-accordion-icon-opened\"><i class=\"fas fa-minus\"><\/i><\/span>\n\t\t\t\t\t\t\t\t\t\t\t\t\t\t<\/span>\n\t\t\t\t\t\t\t\t\t\t\t\t<a class=\"elementor-accordion-title\" href=\"\">Calefacci\u00f3n<\/a>\n\t\t\t\t\t<\/div>\n\t\t\t\t\t<div id=\"elementor-tab-content-7188\" class=\"elementor-tab-content elementor-clearfix\" data-tab=\"8\" role=\"tabpanel\" aria-labelledby=\"elementor-tab-title-7188\"><ul>\n<li>Calefacci\u00f3n a gasoil &#8211; 4000 W<\/li>\n<li>Calentador de agua a gas<\/li>\n<\/ul>\n<\/div>\n\t\t\t\t<\/div>\n\t\t\t\t\t\t\t<div class=\"elementor-accordion-item\">\n\t\t\t\t\t<div id=\"elementor-tab-title-7189\" class=\"elementor-tab-title\" data-tab=\"9\" role=\"tab\" aria-controls=\"elementor-tab-content-7189\" aria-expanded=\"false\">\n\t\t\t\t\t\t\t\t\t\t\t\t\t<span class=\"elementor-accordion-icon elementor-accordion-icon-left\" aria-hidden=\"true\">\n\t\t\t\t\t\t\t\t\t\t\t\t\t\t\t<span class=\"elementor-accordion-icon-closed\"><i class=\"fas fa-plus\"><\/i><\/span>\n\t\t\t\t\t\t\t\t<span class=\"elementor-accordion-icon-opened\"><i class=\"fas fa-minus\"><\/i><\/span>\n\t\t\t\t\t\t\t\t\t\t\t\t\t\t<\/span>\n\t\t\t\t\t\t\t\t\t\t\t\t<a class=\"elementor-accordion-title\" href=\"\">Dimensiones \/ peso \/ plazas<\/a>\n\t\t\t\t\t<\/div>\n\t\t\t\t\t<div id=\"elementor-tab-content-7189\" class=\"elementor-tab-content elementor-clearfix\" data-tab=\"9\" role=\"tabpanel\" aria-labelledby=\"elementor-tab-title-7189\"><ul>\n<li>Peso m\u00e1ximo autorizado (kg) : 3500<\/li>\n<li>Plazas en circulaci\u00f3n \/ plazas comer \/ plazas dormir : 4\/4\/4<\/li>\n<li>Altura (cm) : 290<\/li>\n<li>Anchura (cm) : 230<\/li>\n<li>Longitud (cm) : 671<\/li>\n<li>Masa en orden de marcha (+\/- 5%) (kg) : 3010<\/li>\n<li>Masa m\u00e1xima remolcable (kg)*** : 1500<\/li>\n<\/ul>\n<\/div>\n\t\t\t\t<\/div>\n\t\t\t\t\t\t\t<div class=\"elementor-accordion-item\">\n\t\t\t\t\t<div id=\"elementor-tab-title-71810\" class=\"elementor-tab-title\" data-tab=\"10\" role=\"tab\" aria-controls=\"elementor-tab-content-71810\" aria-expanded=\"false\">\n\t\t\t\t\t\t\t\t\t\t\t\t\t<span class=\"elementor-accordion-icon elementor-accordion-icon-left\" aria-hidden=\"true\">\n\t\t\t\t\t\t\t\t\t\t\t\t\t\t\t<span class=\"elementor-accordion-icon-closed\"><i class=\"fas fa-plus\"><\/i><\/span>\n\t\t\t\t\t\t\t\t<span class=\"elementor-accordion-icon-opened\"><i class=\"fas fa-minus\"><\/i><\/span>\n\t\t\t\t\t\t\t\t\t\t\t\t\t\t<\/span>\n\t\t\t\t\t\t\t\t\t\t\t\t<a class=\"elementor-accordion-title\" href=\"\">Dimensiones camas<\/a>\n\t\t\t\t\t<\/div>\n\t\t\t\t\t<div id=\"elementor-tab-content-71810\" class=\"elementor-tab-content elementor-clearfix\" data-tab=\"10\" role=\"tabpanel\" aria-labelledby=\"elementor-tab-title-71810\"><ul>\n<li>Trasera (cm) : 150&#215;203<\/li>\n<li>Cama suspendida del techo o capuchina (cm) : 155&#215;203<\/li>\n<\/ul>\n<\/div>\n\t\t\t\t<\/div>\n\t\t\t\t\t\t\t<div class=\"elementor-accordion-item\">\n\t\t\t\t\t<div id=\"elementor-tab-title-71811\" class=\"elementor-tab-title\" data-tab=\"11\" role=\"tab\" aria-controls=\"elementor-tab-content-71811\" aria-expanded=\"false\">\n\t\t\t\t\t\t\t\t\t\t\t\t\t<span class=\"elementor-accordion-icon elementor-accordion-icon-left\" aria-hidden=\"true\">\n\t\t\t\t\t\t\t\t\t\t\t\t\t\t\t<span class=\"elementor-accordion-icon-closed\"><i class=\"fas fa-plus\"><\/i><\/span>\n\t\t\t\t\t\t\t\t<span class=\"elementor-accordion-icon-opened\"><i class=\"fas fa-minus\"><\/i><\/span>\n\t\t\t\t\t\t\t\t\t\t\t\t\t\t<\/span>\n\t\t\t\t\t\t\t\t\t\t\t\t<a class=\"elementor-accordion-title\" href=\"\">Almacenaje y portones<\/a>\n\t\t\t\t\t<\/div>\n\t\t\t\t\t<div id=\"elementor-tab-content-71811\" class=\"elementor-tab-content elementor-clearfix\" data-tab=\"11\" role=\"tabpanel\" aria-labelledby=\"elementor-tab-title-71811\"><ul>\n<li>Altura m\u00e1xima en el garaje (cm) : 67\/120<\/li>\n<li>Dimensi\u00f3n port\u00f3n derecho (cm) : 84&#215;114<\/li>\n<li>Dimensi\u00f3n port\u00f3n izquierdo (cm) : 58&#215;89<\/li>\n<\/ul>\n<\/div>\n\t\t\t\t<\/div>\n\t\t\t\t\t\t\t<div class=\"elementor-accordion-item\">\n\t\t\t\t\t<div id=\"elementor-tab-title-71812\" class=\"elementor-tab-title\" data-tab=\"12\" role=\"tab\" aria-controls=\"elementor-tab-content-71812\" aria-expanded=\"false\">\n\t\t\t\t\t\t\t\t\t\t\t\t\t<span class=\"elementor-accordion-icon elementor-accordion-icon-left\" aria-hidden=\"true\">\n\t\t\t\t\t\t\t\t\t\t\t\t\t\t\t<span class=\"elementor-accordion-icon-closed\"><i class=\"fas fa-plus\"><\/i><\/span>\n\t\t\t\t\t\t\t\t<span class=\"elementor-accordion-icon-opened\"><i class=\"fas fa-minus\"><\/i><\/span>\n\t\t\t\t\t\t\t\t\t\t\t\t\t\t<\/span>\n\t\t\t\t\t\t\t\t\t\t\t\t<a class=\"elementor-accordion-title\" href=\"\">Packs opciones disponibles<\/a>\n\t\t\t\t\t<\/div>\n\t\t\t\t\t<div id=\"elementor-tab-content-71812\" class=\"elementor-tab-content elementor-clearfix\" data-tab=\"12\" role=\"tabpanel\" aria-labelledby=\"elementor-tab-title-71812\"><ul>\n<li>Motor Fiat Ducato 120 cv<\/li>\n<li>Cambio manual<\/li>\n<li>Chasis Heavy 4100 kg<\/li>\n<li>DELIVERY: C\u00e1mara de visi\u00f3n trasera + Panel solar 140 W + Oscurecedor cabina + Luz exterior LED<\/li>\n<\/ul>\n<\/div>\n\t\t\t\t<\/div>\n\t\t\t\t\t\t\t<div class=\"elementor-accordion-item\">\n\t\t\t\t\t<div id=\"elementor-tab-title-71813\" class=\"elementor-tab-title\" data-tab=\"13\" role=\"tab\" aria-controls=\"elementor-tab-content-71813\" aria-expanded=\"false\">\n\t\t\t\t\t\t\t\t\t\t\t\t\t<span class=\"elementor-accordion-icon elementor-accordion-icon-left\" aria-hidden=\"true\">\n\t\t\t\t\t\t\t\t\t\t\t\t\t\t\t<span class=\"elementor-accordion-icon-closed\"><i class=\"fas fa-plus\"><\/i><\/span>\n\t\t\t\t\t\t\t\t<span class=\"elementor-accordion-icon-opened\"><i class=\"fas fa-minus\"><\/i><\/span>\n\t\t\t\t\t\t\t\t\t\t\t\t\t\t<\/span>\n\t\t\t\t\t\t\t\t\t\t\t\t<a class=\"elementor-accordion-title\" href=\"\">Observaciones<\/a>\n\t\t\t\t\t<\/div>\n\t\t\t\t\t<div id=\"elementor-tab-content-71813\" class=\"elementor-tab-content elementor-clearfix\" data-tab=\"13\" role=\"tabpanel\" aria-labelledby=\"elementor-tab-title-71813\"><ul>\n<li>La cantidad de agua en el dep\u00f3sito de agua limpia debe ser acorde al peso m\u00e1ximo autorizado del veh\u00edculo y su carga<\/li>\n<li>Las fotograf\u00edas de nuestros veh\u00edculos en espacios naturales y urbanos han sido tomadas en entornos controlados y por profesionales. Desde GREENWAYVAN instamos a cumplir siempre las normas de Seguridad Vial y a respetar el Medio Ambiente.<\/li>\n<li>GREENWAYVAN se reserva el derecho de modificar en todo momento y, sin previo aviso, cualquier caracter\u00edstica de los veh\u00edculos.<\/li>\n<li>Las autocaravanas fotografiadas pueden poseer equipamiento opcional con suplemento de precio. Los elementos de decoraci\u00f3n no est\u00e1n incluidos por GREENWAYVAN .<\/li>\n<li>Debido a que las autocaravanas se comercializan en distintos pa\u00edses, sus caracter\u00edsticas t\u00e9cnicas y equipamientos pueden diferir de un pa\u00eds al otro, asimismo algunos modelos pueden no estar disponibles en ciertos pa\u00edses, por lo que os invitamos a consultar vuestro concesionario para una informaci\u00f3n m\u00e1s precisa<\/li>\n<\/ul>\n<\/div>\n\t\t\t\t<\/div>\n\t\t\t\t\t\t\t\t<\/div>\n\t\t\t\t<\/div>\n\t\t\t\t<\/div>\n\t\t\t\t\t<\/div>\n\t\t<\/div>\n\t\t\t\t\t\t\t<\/div>\n\t\t<\/section>\n\t\t\t\t\t\t\t<\/div>\n\t\t","protected":false},"excerpt":{"rendered":"<p>Puntos fuertes 4 plazas en circulaci\u00f3n y 4 plazas fijas para dormir Cama trasera en&hellip;<\/p>\n","protected":false},"author":3,"featured_media":0,"menu_order":12,"template":"","yoast_head":"<!-- This site is optimized with the Yoast SEO plugin v20.5 - https:\/\/yoast.com\/wordpress\/plugins\/seo\/ -->\n<title>Mc luis MC4 - Green Way Van<\/title>\n<meta name=\"robots\" content=\"index, follow, max-snippet:-1, max-image-preview:large, max-video-preview:-1\" \/>\n<link rel=\"canonical\" href=\"https:\/\/greenwayvan.net\/pt-pt\/caravanas\/mc-luis-mc4\/\" \/>\n<meta property=\"og:locale\" content=\"pt_PT\" \/>\n<meta property=\"og:type\" content=\"article\" \/>\n<meta property=\"og:title\" content=\"Mc luis MC4 - Green Way Van\" \/>\n<meta property=\"og:description\" content=\"Puntos fuertes 4 plazas en circulaci\u00f3n y 4 plazas fijas para dormir Cama trasera en&hellip;\" \/>\n<meta property=\"og:url\" content=\"https:\/\/greenwayvan.net\/pt-pt\/caravanas\/mc-luis-mc4\/\" \/>\n<meta property=\"og:site_name\" content=\"Green Way Van\" \/>\n<meta property=\"article:modified_time\" content=\"2023-02-05T20:39:24+00:00\" \/>\n<meta name=\"twitter:card\" content=\"summary_large_image\" \/>\n<meta name=\"twitter:label1\" content=\"Tempo estimado de leitura\" \/>\n\t<meta name=\"twitter:data1\" content=\"3 minutos\" \/>\n<script type=\"application\/ld+json\" class=\"yoast-schema-graph\">{\"@context\":\"https:\/\/schema.org\",\"@graph\":[{\"@type\":\"WebPage\",\"@id\":\"https:\/\/greenwayvan.net\/pt-pt\/caravanas\/mc-luis-mc4\/\",\"url\":\"https:\/\/greenwayvan.net\/pt-pt\/caravanas\/mc-luis-mc4\/\",\"name\":\"Mc luis MC4 - Green Way Van\",\"isPartOf\":{\"@id\":\"https:\/\/greenwayvan.net\/pt-pt\/#website\"},\"datePublished\":\"2023-02-05T20:11:22+00:00\",\"dateModified\":\"2023-02-05T20:39:24+00:00\",\"breadcrumb\":{\"@id\":\"https:\/\/greenwayvan.net\/pt-pt\/caravanas\/mc-luis-mc4\/#breadcrumb\"},\"inLanguage\":\"pt-PT\",\"potentialAction\":[{\"@type\":\"ReadAction\",\"target\":[\"https:\/\/greenwayvan.net\/pt-pt\/caravanas\/mc-luis-mc4\/\"]}]},{\"@type\":\"BreadcrumbList\",\"@id\":\"https:\/\/greenwayvan.net\/pt-pt\/caravanas\/mc-luis-mc4\/#breadcrumb\",\"itemListElement\":[{\"@type\":\"ListItem\",\"position\":1,\"name\":\"Portada\",\"item\":\"https:\/\/greenwayvan.net\/pt-pt\/\"},{\"@type\":\"ListItem\",\"position\":2,\"name\":\"Catalog\",\"item\":\"https:\/\/greenwayvan.net\/pt-pt\/caravanas\/\"},{\"@type\":\"ListItem\",\"position\":3,\"name\":\"Mc luis MC4\"}]},{\"@type\":\"WebSite\",\"@id\":\"https:\/\/greenwayvan.net\/pt-pt\/#website\",\"url\":\"https:\/\/greenwayvan.net\/pt-pt\/\",\"name\":\"Green Way Van\",\"description\":\"Alquiler de autocaravanas en Vigo. Vive tu propia aventura en una autocaravana nueva y s\u00faper equipada. Seguro a todo riesgo incluido en el precio.\",\"potentialAction\":[{\"@type\":\"SearchAction\",\"target\":{\"@type\":\"EntryPoint\",\"urlTemplate\":\"https:\/\/greenwayvan.net\/pt-pt\/?s={search_term_string}\"},\"query-input\":\"required name=search_term_string\"}],\"inLanguage\":\"pt-PT\"}]}<\/script>\n<!-- \/ Yoast SEO plugin. -->","yoast_head_json":{"title":"Mc luis MC4 - Green Way Van","robots":{"index":"index","follow":"follow","max-snippet":"max-snippet:-1","max-image-preview":"max-image-preview:large","max-video-preview":"max-video-preview:-1"},"canonical":"https:\/\/greenwayvan.net\/pt-pt\/caravanas\/mc-luis-mc4\/","og_locale":"pt_PT","og_type":"article","og_title":"Mc luis MC4 - Green Way Van","og_description":"Puntos fuertes 4 plazas en circulaci\u00f3n y 4 plazas fijas para dormir Cama trasera en&hellip;","og_url":"https:\/\/greenwayvan.net\/pt-pt\/caravanas\/mc-luis-mc4\/","og_site_name":"Green Way Van","article_modified_time":"2023-02-05T20:39:24+00:00","twitter_card":"summary_large_image","twitter_misc":{"Tempo estimado de leitura":"3 minutos"},"schema":{"@context":"https:\/\/schema.org","@graph":[{"@type":"WebPage","@id":"https:\/\/greenwayvan.net\/pt-pt\/caravanas\/mc-luis-mc4\/","url":"https:\/\/greenwayvan.net\/pt-pt\/caravanas\/mc-luis-mc4\/","name":"Mc luis MC4 - Green Way Van","isPartOf":{"@id":"https:\/\/greenwayvan.net\/pt-pt\/#website"},"datePublished":"2023-02-05T20:11:22+00:00","dateModified":"2023-02-05T20:39:24+00:00","breadcrumb":{"@id":"https:\/\/greenwayvan.net\/pt-pt\/caravanas\/mc-luis-mc4\/#breadcrumb"},"inLanguage":"pt-PT","potentialAction":[{"@type":"ReadAction","target":["https:\/\/greenwayvan.net\/pt-pt\/caravanas\/mc-luis-mc4\/"]}]},{"@type":"BreadcrumbList","@id":"https:\/\/greenwayvan.net\/pt-pt\/caravanas\/mc-luis-mc4\/#breadcrumb","itemListElement":[{"@type":"ListItem","position":1,"name":"Portada","item":"https:\/\/greenwayvan.net\/pt-pt\/"},{"@type":"ListItem","position":2,"name":"Catalog","item":"https:\/\/greenwayvan.net\/pt-pt\/caravanas\/"},{"@type":"ListItem","position":3,"name":"Mc luis MC4"}]},{"@type":"WebSite","@id":"https:\/\/greenwayvan.net\/pt-pt\/#website","url":"https:\/\/greenwayvan.net\/pt-pt\/","name":"Green Way Van","description":"Alquiler de autocaravanas en Vigo. Vive tu propia aventura en una autocaravana nueva y s\u00faper equipada. Seguro a todo riesgo incluido en el precio.","potentialAction":[{"@type":"SearchAction","target":{"@type":"EntryPoint","urlTemplate":"https:\/\/greenwayvan.net\/pt-pt\/?s={search_term_string}"},"query-input":"required name=search_term_string"}],"inLanguage":"pt-PT"}]}},"_links":{"self":[{"href":"https:\/\/greenwayvan.net\/pt-pt\/wp-json\/wp\/v2\/catalog\/2962"}],"collection":[{"href":"https:\/\/greenwayvan.net\/pt-pt\/wp-json\/wp\/v2\/catalog"}],"about":[{"href":"https:\/\/greenwayvan.net\/pt-pt\/wp-json\/wp\/v2\/types\/catalog"}],"author":[{"embeddable":true,"href":"https:\/\/greenwayvan.net\/pt-pt\/wp-json\/wp\/v2\/users\/3"}],"version-history":[{"count":1,"href":"https:\/\/greenwayvan.net\/pt-pt\/wp-json\/wp\/v2\/catalog\/2962\/revisions"}],"predecessor-version":[{"id":2963,"href":"https:\/\/greenwayvan.net\/pt-pt\/wp-json\/wp\/v2\/catalog\/2962\/revisions\/2963"}],"wp:attachment":[{"href":"https:\/\/greenwayvan.net\/pt-pt\/wp-json\/wp\/v2\/media?parent=2962"}],"curies":[{"name":"wp","href":"https:\/\/api.w.org\/{rel}","templated":true}]}}